{"version":"1.0","provider_name":"Blog des \u00c9ditions Cl\u00e9","provider_url":"https:\/\/blogs.editionscle.com\/blogcle","author_name":"\u00c9ditions Cl\u00e9","author_url":"https:\/\/blogs.editionscle.com\/blogcle\/author\/cle-admin\/","title":"La pri\u00e8re - s'\u00e9merveiller dans l'intimit\u00e9 de Dieu - vid\u00e9o Keller","type":"rich","width":600,"height":338,"html":"<blockquote class=\"wp-embedded-content\" data-secret=\"lfoOrvHsfC\"><a href=\"https:\/\/blogs.editionscle.com\/blogcle\/booktrailer-du-livre-la-priere-de-timothy-keller\/\">Booktrailer du livre \u00abLa Pri\u00e8re\u00bb de Timothy KELLER<\/a><\/blockquote><iframe sandbox=\"allow-scripts\" security=\"restricted\" src=\"https:\/\/blogs.editionscle.com\/blogcle\/booktrailer-du-livre-la-priere-de-timothy-keller\/embed\/#?secret=lfoOrvHsfC\" width=\"600\" height=\"338\" title=\"\u00ab\u00a0Booktrailer du livre \u00abLa Pri\u00e8re\u00bb de Timothy KELLER\u00a0\u00bb &#8212; Blog des \u00c9ditions Cl\u00e9\" data-secret=\"lfoOrvHsfC\" frameborder=\"0\" marginwidth=\"0\" marginheight=\"0\" scrolling=\"no\" class=\"wp-embedded-content\"><\/iframe><script type=\"text\/javascript\">\n\/* <![CDATA[ *\/\n\/*! This file is auto-generated *\/\n!function(d,l){\"use strict\";l.querySelector&&d.addEventListener&&\"undefined\"!=typeof URL&&(d.wp=d.wp||{},d.wp.receiveEmbedMessage||(d.wp.receiveEmbedMessage=function(e){var t=e.data;if((t||t.secret||t.message||t.value)&&!\/[^a-zA-Z0-9]\/.test(t.secret)){for(var s,r,n,a=l.querySelectorAll('iframe[data-secret=\"'+t.secret+'\"]'),o=l.querySelectorAll('blockquote[data-secret=\"'+t.secret+'\"]'),c=new RegExp(\"^https?:$\",\"i\"),i=0;i<o.length;i++)o[i].style.display=\"none\";for(i=0;i<a.length;i++)s=a[i],e.source===s.contentWindow&&(s.removeAttribute(\"style\"),\"height\"===t.message?(1e3<(r=parseInt(t.value,10))?r=1e3:~~r<200&&(r=200),s.height=r):\"link\"===t.message&&(r=new URL(s.getAttribute(\"src\")),n=new URL(t.value),c.test(n.protocol))&&n.host===r.host&&l.activeElement===s&&(d.top.location.href=t.value))}},d.addEventListener(\"message\",d.wp.receiveEmbedMessage,!1),l.addEventListener(\"DOMContentLoaded\",function(){for(var e,t,s=l.querySelectorAll(\"iframe.wp-embedded-content\"),r=0;r<s.length;r++)(t=(e=s[r]).getAttribute(\"data-secret\"))||(t=Math.random().toString(36).substring(2,12),e.src+=\"#?secret=\"+t,e.setAttribute(\"data-secret\",t)),e.contentWindow.postMessage({message:\"ready\",secret:t},\"*\")},!1)))}(window,document);\n\/\/# sourceURL=https:\/\/blogs.editionscle.com\/blogcle\/wp-includes\/js\/wp-embed.min.js\n\/* ]]> *\/\n<\/script>\n","description":"La pri\u00e8re est une amiti\u00e9 qui rassasie. Elle met notre c\u0153ur au diapason de celui de Dieu. Elle est la cl\u00e9 de notre \u00eatre et de notre action. Nous devons apprendre \u00e0 prier. C\u2019est une n\u00e9cessit\u00e9.","thumbnail_url":"http:\/\/blogs.editionscle.com\/blogcle\/wp-content\/uploads\/sites\/2\/2016\/03\/la-priere-e1523349120527.png"}